{"id":804,"date":"2016-06-02T00:55:33","date_gmt":"2016-06-01T22:55:33","guid":{"rendered":"http:\/\/escm-ccic.org\/?page_id=804"},"modified":"2016-06-02T01:09:37","modified_gmt":"2016-06-01T23:09:37","slug":"bureau","status":"publish","type":"page","link":"https:\/\/escm-ccic.org\/index.php\/ccic-7\/bureau\/","title":{"rendered":"BUREAU"},"content":{"rendered":"<div id=\"pl-804\"  class=\"panel-layout\" ><div id=\"pg-804-0\"  class=\"panel-grid panel-has-style\" ><div style=\"padding: 100px 0; \" class=\"panel-row-style panel-row-style-for-804-0\" ><div id=\"pgc-804-0-0\"  class=\"panel-grid-cell\" ><div id=\"panel-804-0-0-0\" class=\"so-panel widget widget_sow-editor panel-first-child\" data-index=\"0\" ><div class=\"panel-widget-style panel-widget-style-for-804-0-0-0\" ><div\n\t\t\t\n\t\t\tclass=\"so-widget-sow-editor so-widget-sow-editor-base\"\n\t\t\t\n\t\t>\n<div class=\"siteorigin-widget-tinymce textwidget\">\n\t<p style=\"text-align: center;\"><strong>ETAT NOMINATIF DES MEMBRES DU BUREAU du CCIC<\/strong><\/p>\n<p style=\"text-align: center;\"><strong>\u00a0<\/strong><\/p>\n<table class=\"aligncenter\">\n<tbody>\n<tr>\n<td width=\"43\">\n<p><strong>\u00a0<\/strong><\/p>\n<p><span style=\"color: #ff6600; text-decoration: underline;\"><strong>N\u00b0<\/strong><\/span><\/p>\n<\/td>\n<td width=\"215\">\n<p><span style=\"color: #ff6600; text-decoration: underline;\"><strong>\u00a0<\/strong><\/span><\/p>\n<p><span style=\"color: #ff6600; text-decoration: underline;\"><strong>NOM ET PRENOM<\/strong><\/span><\/p>\n<\/td>\n<td width=\"129\">\n<p><span style=\"color: #ff6600; text-decoration: underline;\"><strong>\u00a0<\/strong><\/span><\/p>\n<p><span style=\"color: #ff6600; text-decoration: underline;\"><strong>Date et lieu de naissance<\/strong><\/span><\/p>\n<\/td>\n<td width=\"129\">\n<p><span style=\"color: #ff6600; text-decoration: underline;\"><strong>\u00a0<\/strong><\/span><\/p>\n<p><span style=\"color: #ff6600; text-decoration: underline;\"><strong>Filiation<\/strong><\/span><\/p>\n<p><span style=\"color: #ff6600; text-decoration: underline;\"><strong>P\u00e8re - M\u00e8re<\/strong><\/span><\/p>\n<\/td>\n<td width=\"129\">\n<p><span style=\"color: #ff6600; text-decoration: underline;\"><strong>\u00a0<\/strong><\/span><\/p>\n<p><span style=\"color: #ff6600; text-decoration: underline;\"><strong>C.I.N.<\/strong><\/span><\/p>\n<p><span style=\"color: #ff6600; text-decoration: underline;\"><strong>N\u00b0, date et lieu de d\u00e9livrance <\/strong><\/span><\/p>\n<\/td>\n<td width=\"129\">\n<p><span style=\"color: #ff6600; text-decoration: underline;\"><strong>\u00a0<\/strong><\/span><\/p>\n<p><span style=\"color: #ff6600; text-decoration: underline;\"><strong>Fonction<\/strong><\/span><\/p>\n<\/td>\n<td width=\"132\">\n<p><span style=\"color: #ff6600; text-decoration: underline;\"><strong>\u00a0<\/strong><\/span><\/p>\n<p><span style=\"color: #ff6600; text-decoration: underline;\"><strong>Profession<\/strong><\/span><\/p>\n<p><span style=\"color: #ff6600; text-decoration: underline;\"><strong>Adresse<\/strong><\/span><\/p>\n<\/td>\n<td width=\"127\">\n<p><span style=\"color: #ff6600; text-decoration: underline;\"><strong>\u00a0<\/strong><\/span><\/p>\n<p><span style=\"color: #ff6600; text-decoration: underline;\"><strong>Emargement<\/strong><\/span><\/p>\n<\/td>\n<\/tr>\n<tr>\n<td width=\"43\">\n<p><strong>\u00a0<\/strong><\/p>\n<p><strong>\u00a0<\/strong><\/p>\n<p><strong>01<\/strong><\/p>\n<\/td>\n<td width=\"215\">\n<p>\u00a0<\/p>\n<p>\u00a0<\/p>\n<p>TOMBOZOKY Rasolofo<\/p>\n<p>Jean De Dieu<\/p>\n<\/td>\n<td width=\"129\">\n<p>\u00a0<\/p>\n<p>\u00a0<\/p>\n<p>04 \/ 02 \/ 1974<\/p>\n<p>Antsohihy<\/p>\n<p>\u00a0<\/p>\n<\/td>\n<td width=\"129\">\n<p>\u00a0<\/p>\n<p>\u00a0<\/p>\n<p>Tombozoky et Martine<\/p>\n<\/td>\n<td width=\"129\">\n<p>\u00a0<\/p>\n<p>413\u00a0011\u00a0005 834<\/p>\n<p>du 08 \/ 09 \/ 1994<\/p>\n<p>Antsohihy<\/p>\n<\/td>\n<td width=\"129\">\n<p><strong>\u00a0<\/strong><\/p>\n<p><strong>\u00a0<\/strong><\/p>\n<p><strong>Pr\u00e9sident<\/strong><\/p>\n<\/td>\n<td width=\"132\">\n<p>\u00a0<\/p>\n<p>Op\u00e9rateur Economique<\/p>\n<p>Manongarivo<\/p>\n<p>Befandriana-Nord<\/p>\n<\/td>\n<td width=\"127\">\n<p>\u00a0<\/p>\n<\/td>\n<\/tr>\n<tr>\n<td width=\"43\">\n<p><strong>\u00a0<\/strong><\/p>\n<p><strong>\u00a0<\/strong><\/p>\n<p><strong>02<\/strong><\/p>\n<\/td>\n<td width=\"215\">\n<p>\u00a0<\/p>\n<p>\u00a0<\/p>\n<p>NERIMA<\/p>\n<\/td>\n<td width=\"129\">\n<p>\u00a0<\/p>\n<p>vers 1958<\/p>\n<p>Andrimbavontsona<\/p>\n<p>Port-Berg\u00e9.<\/p>\n<p>\u00a0<\/p>\n<\/td>\n<td width=\"129\">\n<p>\u00a0<\/p>\n<p>\u00a0<\/p>\n<p>Ibrahim et Antoeny<\/p>\n<\/td>\n<td width=\"129\">\n<p>\u00a0<\/p>\n<p>410\u00a0301\u00a0011\u00a0570<\/p>\n<p>du 24 \/ 03 \/ 1978<\/p>\n<p>Mandritsara<\/p>\n<\/td>\n<td width=\"129\">\n<p>\u00a0<\/p>\n<p><strong>\u00a0<\/strong><\/p>\n<p><strong>Vice-Pr\u00e9sident<\/strong><\/p>\n<\/td>\n<td width=\"132\">\n<p>\u00a0<\/p>\n<p>\u00a0<\/p>\n<p>Instituteur<\/p>\n<p>Lot 180 M Manongarivo<\/p>\n<p>Befandriana-Nord<\/p>\n<\/td>\n<td width=\"127\">\n<p>\u00a0<\/p>\n<\/td>\n<\/tr>\n<tr>\n<td width=\"43\">\n<p><strong>\u00a0<\/strong><\/p>\n<p><strong>\u00a0<\/strong><\/p>\n<p><strong>03<\/strong><\/p>\n<\/td>\n<td width=\"215\">\n<p>\u00a0<\/p>\n<p>\u00a0<\/p>\n<p>RALAHY Vincent<\/p>\n<\/td>\n<td width=\"129\">\n<p>\u00a0<\/p>\n<p>24 \/ 09 \/ 1949<\/p>\n<p>Antsakabary<\/p>\n<p>Befandriana-Nord<\/p>\n<p>\u00a0<\/p>\n<\/td>\n<td width=\"129\">\n<p>\u00a0<\/p>\n<p>\u00a0<\/p>\n<p>Ramavo et Trefina<\/p>\n<\/td>\n<td width=\"129\">\n<p>\u00a0<\/p>\n<p>410\u00a0301\u00a0007\u00a0163<\/p>\n<p>du 19 \/ 01 \/ 1968<\/p>\n<p>Mandritsara<\/p>\n<\/td>\n<td width=\"129\">\n<p>\u00a0<\/p>\n<p><strong>\u00a0<\/strong><\/p>\n<p><strong>Secr\u00e9taire G\u00e9n\u00e9ral I<\/strong><\/p>\n<\/td>\n<td width=\"132\">\n<p>\u00a0<\/p>\n<p>Instituteur<\/p>\n<p>Lot 175 M Manongarivo<\/p>\n<p>Befandriana-Nord<\/p>\n<\/td>\n<td width=\"127\">\n<p>\u00a0<\/p>\n<\/td>\n<\/tr>\n<tr>\n<td width=\"43\">\n<p><strong>\u00a0<\/strong><\/p>\n<p><strong>04<\/strong><\/p>\n<\/td>\n<td width=\"215\">\n<p>\u00a0<\/p>\n<p>RATSIETY Louis<\/p>\n<\/td>\n<td width=\"129\">\n<p>\u00a0<\/p>\n<p>07 \/ 01 \/\u00a0 1959<\/p>\n<p>Marovato<\/p>\n<p>Port-Berger<\/p>\n<\/td>\n<td width=\"129\">\n<p>\u00a0<\/p>\n<p>Tsirodo et Zafizandry<\/p>\n<\/td>\n<td width=\"129\">\n<p>\u00a0<\/p>\n<p>410\u00a0301\u00a0012\u00a0493<\/p>\n<p>du 07 \/ 04 \/ 1979<\/p>\n<p>Mandritsara<\/p>\n<p>\u00a0<\/p>\n<\/td>\n<td width=\"129\">\n<p>\u00a0<\/p>\n<p><strong>Secr\u00e9taire G\u00e9n\u00e9ral II<\/strong><\/p>\n<\/td>\n<td width=\"132\">\n<p>\u00a0<\/p>\n<p>Professeur<\/p>\n<p>Coll\u00e8ge St-F\u00e9lix<\/p>\n<p>Befandriana-Nord<\/p>\n<\/td>\n<td width=\"127\">\n<p>\u00a0<\/p>\n<\/td>\n<\/tr>\n<tr>\n<td width=\"43\">\n<p><strong>\u00a0<\/strong><\/p>\n<p><strong>\u00a0<\/strong><\/p>\n<p><strong>05<\/strong><\/p>\n<\/td>\n<td width=\"215\">\n<p>\u00a0<\/p>\n<p>\u00a0<\/p>\n<p>SOAMARINERA Marin\u00e0<\/p>\n<\/td>\n<td width=\"129\">\n<p>\u00a0<\/p>\n<p>\u00a0<\/p>\n<p>07 \/ 10 \/ 195<\/p>\n<p>Befandriana-N<\/p>\n<\/td>\n<td width=\"129\">\n<p>\u00a0<\/p>\n<p>\u00a0<\/p>\n<p>Iasa Cyrille et Mariazy<\/p>\n<\/td>\n<td width=\"129\">\n<p>\u00a0<\/p>\n<p>102.502.006.476<\/p>\n<p>du 18\/12\/78 \u00e0 Antananarivo-Avaradrano<\/p>\n<p>\u00a0<\/p>\n<\/td>\n<td width=\"129\">\n<p><strong>\u00a0<\/strong><\/p>\n<p><strong>\u00a0<\/strong><\/p>\n<p><strong>Tr\u00e9sorier <\/strong><\/p>\n<p><strong>I<\/strong><\/p>\n<\/td>\n<td width=\"132\">\n<p>\u00a0<\/p>\n<p>M\u00e9nag\u00e8re<\/p>\n<p>Lot 140-M Manongarivo Befandriana-N<\/p>\n<\/td>\n<td width=\"127\">\n<p>\u00a0<\/p>\n<\/td>\n<\/tr>\n<tr>\n<td width=\"43\">\n<p><span style=\"color: #ebebeb;\"><strong>\u00a0<\/strong><\/span><\/p>\n<p><span style=\"color: #ebebeb;\"><strong>N\u00b0<\/strong><\/span><\/p>\n<\/td>\n<td width=\"215\">\n<p><span style=\"color: #ebebeb;\"><strong>\u00a0<\/strong><\/span><\/p>\n<p><span style=\"color: #ebebeb;\"><strong>NOM ET PRENOM<\/strong><\/span><\/p>\n<\/td>\n<td width=\"129\">\n<p><span style=\"color: #ebebeb;\"><strong>\u00a0<\/strong><\/span><\/p>\n<p><span style=\"color: #ebebeb;\"><strong>Date et lieu de naissance<\/strong><\/span><\/p>\n<\/td>\n<td width=\"129\">\n<p><span style=\"color: #ebebeb;\"><strong>\u00a0<\/strong><\/span><\/p>\n<p><span style=\"color: #ebebeb;\"><strong>Filiation<\/strong><\/span><\/p>\n<p><span style=\"color: #ebebeb;\"><strong>P\u00e8re - M\u00e8re<\/strong><\/span><\/p>\n<\/td>\n<td width=\"129\">\n<p><span style=\"color: #ebebeb;\"><strong>\u00a0<\/strong><\/span><\/p>\n<p><span style=\"color: #ebebeb;\"><strong>C.I.N.<\/strong><\/span><\/p>\n<p><span style=\"color: #ebebeb;\"><strong>N\u00b0, date et lieu de d\u00e9livrance<\/strong><\/span><\/p>\n<\/td>\n<td width=\"129\">\n<p><span style=\"color: #ebebeb;\"><strong>\u00a0<\/strong><\/span><\/p>\n<p><span style=\"color: #ebebeb;\"><strong>Fonction<\/strong><\/span><\/p>\n<\/td>\n<td width=\"132\">\n<p><span style=\"color: #ebebeb;\"><strong>\u00a0<\/strong><\/span><\/p>\n<p><span style=\"color: #ebebeb;\"><strong>Profession<\/strong><\/span><\/p>\n<p><span style=\"color: #ebebeb;\"><strong>Adresse<\/strong><\/span><\/p>\n<\/td>\n<td width=\"127\">\n<p><span style=\"color: #ebebeb;\"><strong>\u00a0<\/strong><\/span><\/p>\n<p><span style=\"color: #ebebeb;\"><strong>Emargement<\/strong><\/span><\/p>\n<\/td>\n<\/tr>\n<tr>\n<td width=\"43\">\n<p><strong>\u00a0<\/strong><\/p>\n<p><strong>\u00a0<\/strong><\/p>\n<p><strong>06<\/strong><\/p>\n<\/td>\n<td width=\"215\">\n<p>\u00a0<\/p>\n<p>\u00a0<\/p>\n<p>IASARIVONIRINA<\/p>\n<p>Nestor Jacques<\/p>\n<\/td>\n<td width=\"129\">\n<p>\u00a0<\/p>\n<p>\u00a0<\/p>\n<p>25 \/ 10 \/ 1959<\/p>\n<p>Befandriana-Nord<\/p>\n<\/td>\n<td width=\"129\">\n<p>\u00a0<\/p>\n<p>\u00a0<\/p>\n<p>Iasa Cyrille et Mariazy<\/p>\n<\/td>\n<td width=\"129\">\n<p>\u00a0<\/p>\n<p>401.991.037.915<\/p>\n<p>du01\/04\/80 \u00e0 Mahajanga I<\/p>\n<\/td>\n<td width=\"129\">\n<p><strong>\u00a0<\/strong><\/p>\n<p><strong>\u00a0<\/strong><\/p>\n<p><strong>Tr\u00e9sorier <\/strong><\/p>\n<p><strong>II<\/strong><\/p>\n<\/td>\n<td width=\"132\">\n<p>\u00a0<\/p>\n<p>Cultivateur<\/p>\n<p>Lot 140-M Manongarivo Befandriana-N<\/p>\n<\/td>\n<td width=\"127\">\n<p>\u00a0<\/p>\n<\/td>\n<\/tr>\n<tr>\n<td width=\"43\">\n<p><strong>\u00a0<\/strong><\/p>\n<p><strong>\u00a0<\/strong><\/p>\n<p><strong>07<\/strong><\/p>\n<\/td>\n<td width=\"215\">\n<p>\u00a0<\/p>\n<p>\u00a0<\/p>\n<p>RALAIMIANDRISOA<\/p>\n<p>Jean Samuel<\/p>\n<\/td>\n<td width=\"129\">\n<p>\u00a0<\/p>\n<p>01 \/ 10 \/ 1951<\/p>\n<p>Antsakabary<\/p>\n<p>Befandriana-Nord<\/p>\n<p>\u00a0<\/p>\n<\/td>\n<td width=\"129\">\n<p>\u00a0<\/p>\n<p>Ralaivangato et Filizara<\/p>\n<\/td>\n<td width=\"129\">\n<p>\u00a0<\/p>\n<p>412\u00a0301\u00a0003\u00a0469<\/p>\n<p>du 07 \/ 02 \/ 1972<\/p>\n<p>Befandriana-Nord<\/p>\n<\/td>\n<td width=\"129\">\n<p><strong>\u00a0<\/strong><\/p>\n<p><strong>\u00a0<\/strong><\/p>\n<p><strong>Commissaire <\/strong><\/p>\n<p><strong>aux Comptes<\/strong><\/p>\n<\/td>\n<td width=\"132\">\n<p>\u00a0<\/p>\n<p>Adjoint Administratif CISCO<\/p>\n<p>Befandriana-Nord<\/p>\n<\/td>\n<td width=\"127\">\n<p>\u00a0<\/p>\n<\/td>\n<\/tr>\n<tr>\n<td width=\"43\">\n<p><strong>\u00a0<\/strong><\/p>\n<p><strong>\u00a0<\/strong><\/p>\n<p><strong>08<\/strong><\/p>\n<\/td>\n<td width=\"215\">\n<p>\u00a0<\/p>\n<p>\u00a0<\/p>\n<p>RAMAHATRATRA F\u00e9lix<\/p>\n<p>\u00a0<\/p>\n<\/td>\n<td width=\"129\">\n<p>\u00a0<\/p>\n<p>Vers 1939<\/p>\n<p>Antanandava<\/p>\n<p>Befandriana-Nord<\/p>\n<\/td>\n<td width=\"129\">\n<p>\u00a0<\/p>\n<p>Vava Boniface et Todizaza<\/p>\n<\/td>\n<td width=\"129\">\n<p>\u00a0<\/p>\n<p>413\u00a0361\u00a0001\u00a0979<\/p>\n<p>du 04 \/ 05 \/ 1968<\/p>\n<p>Antsohihy<\/p>\n<p>\u00a0<\/p>\n<\/td>\n<td width=\"129\">\n<p><strong>\u00a0<\/strong><\/p>\n<p><strong>Commissaire <\/strong><\/p>\n<p><strong>aux Comptes<\/strong><\/p>\n<\/td>\n<td width=\"132\">\n<p>\u00a0<\/p>\n<p>Instituteur retrait\u00e9<\/p>\n<p>Lot 86<\/p>\n<p>Ambatolahy<\/p>\n<p>Befandriana-Nord<\/p>\n<\/td>\n<td width=\"127\">\n<p>\u00a0<\/p>\n<\/td>\n<\/tr>\n<tr>\n<td width=\"43\">\n<p><strong>\u00a0<\/strong><\/p>\n<p><strong>\u00a0<\/strong><\/p>\n<p><strong>09<\/strong><\/p>\n<\/td>\n<td width=\"215\">\n<p>\u00a0<\/p>\n<p>\u00a0<\/p>\n<p>RAMANOLOSOA<\/p>\n<p>\u00a0<\/p>\n<\/td>\n<td width=\"129\">\n<p>\u00a0<\/p>\n<p>Vers 1948<\/p>\n<p>Andavaravina<\/p>\n<p>Tsarahonenana<\/p>\n<p>Befandriana-Nord<\/p>\n<p>\u00a0<\/p>\n<\/td>\n<td width=\"129\">\n<p>\u00a0<\/p>\n<p>\u00a0<\/p>\n<p>Lala et Ninitosika<\/p>\n<p>\u00a0<\/p>\n<\/td>\n<td width=\"129\">\n<p>\u00a0<\/p>\n<p>412\u00a0301\u00a0002\u00a0541<\/p>\n<p>du 02 \/ 11 \/ 1968<\/p>\n<p>Befandriana -Nord<\/p>\n<p>\u00a0<\/p>\n<\/td>\n<td width=\"129\">\n<p><strong>\u00a0<\/strong><\/p>\n<p><strong>\u00a0<\/strong><\/p>\n<p><strong>Conseiller<\/strong><\/p>\n<\/td>\n<td width=\"132\">\n<p>\u00a0<\/p>\n<p>Instituteur retrait\u00e9<\/p>\n<p>Lot 375 S<\/p>\n<p>Tsararivotra<\/p>\n<p>Befandriana-Nord<\/p>\n<\/td>\n<td width=\"127\">\n<p>\u00a0<\/p>\n<\/td>\n<\/tr>\n<tr>\n<td width=\"43\">\n<p><strong>\u00a0<\/strong><\/p>\n<p><strong>\u00a0<\/strong><\/p>\n<p><strong>10<\/strong><\/p>\n<\/td>\n<td width=\"215\">\n<p>\u00a0<\/p>\n<p>VELONTSARA F\u00e9licien<\/p>\n<p>\u00a0<\/p>\n<\/td>\n<td width=\"129\">\n<p>\u00a0<\/p>\n<p>Vers 1951<\/p>\n<p>Tsaratanana<\/p>\n<p>Mandritsara<\/p>\n<\/td>\n<td width=\"129\">\n<p>\u00a0<\/p>\n<p>Tsarasoa et Tombavihely<\/p>\n<\/td>\n<td width=\"129\">\n<p>\u00a0<\/p>\n<p>410\u00a0301\u00a0007\u00a0904<\/p>\n<p>du 03 \/ 02 \/ 1970<\/p>\n<p>Mandritsara<\/p>\n<\/td>\n<td width=\"129\">\n<p><strong>\u00a0<\/strong><\/p>\n<p><strong>\u00a0<\/strong><\/p>\n<p><strong>Conseiller<\/strong><\/p>\n<\/td>\n<td width=\"132\">\n<p>\u00a0<\/p>\n<p>Agent Technique d\u2019Agriculture<\/p>\n<p>Befandriana-Nord<\/p>\n<p>\u00a0<\/p>\n<\/td>\n<td width=\"127\">\n<p>\u00a0<\/p>\n<\/td>\n<\/tr>\n<tr>\n<td width=\"43\">\n<p><strong>\u00a0<\/strong><\/p>\n<p><strong>\u00a0<\/strong><\/p>\n<p><strong>11<\/strong><\/p>\n<\/td>\n<td width=\"215\">\n<p>\u00a0<\/p>\n<p>RAVELOARISON Pharlin<\/p>\n<p>\u00a0<\/p>\n<\/td>\n<td width=\"129\">\n<p>\u00a0<\/p>\n<p>04 \/ 12 \/ 1948<\/p>\n<p>Mananara-Nord<\/p>\n<p>\u00a0<\/p>\n<\/td>\n<td width=\"129\">\n<p>\u00a0<\/p>\n<p>Raveloarison Marcelin et Pharzine<\/p>\n<p>\u00a0<\/p>\n<\/td>\n<td width=\"129\">\n<p>\u00a0<\/p>\n<p>101\u00a0231\u00a0034\u00a0699<\/p>\n<p>du 17 \/ 01 \/ 1968<\/p>\n<p>\u00e0 Tananarive<\/p>\n<p>\u00a0<\/p>\n<\/td>\n<td width=\"129\">\n<p><strong>\u00a0<\/strong><\/p>\n<p><strong>\u00a0<\/strong><\/p>\n<p><strong>Conseiller<\/strong><\/p>\n<\/td>\n<td width=\"132\">\n<p>\u00a0<\/p>\n<p>Instituteur<\/p>\n<p>Lot 249 M<\/p>\n<p>Manongarivo<\/p>\n<p>Befandriana-Nord<\/p>\n<\/td>\n<td width=\"127\">\n<p>\u00a0<\/p>\n<\/td>\n<\/tr>\n<tr>\n<td width=\"43\">\n<p><strong>\u00a0<\/strong><\/p>\n<p><span style=\"color: #ebebeb;\"><strong>N\u00b0<\/strong><\/span><\/p>\n<\/td>\n<td width=\"215\">\n<p><span style=\"color: #ebebeb;\"><strong>\u00a0<\/strong><\/span><\/p>\n<p><span style=\"color: #ebebeb;\"><strong>NOM ET PRENOM<\/strong><\/span><\/p>\n<\/td>\n<td width=\"129\">\n<p><span style=\"color: #ebebeb;\"><strong>\u00a0<\/strong><\/span><\/p>\n<p><span style=\"color: #ebebeb;\"><strong>Date et lieu de naissance<\/strong><\/span><\/p>\n<\/td>\n<td width=\"129\">\n<p><span style=\"color: #ebebeb;\"><strong>\u00a0<\/strong><\/span><\/p>\n<p><span style=\"color: #ebebeb;\"><strong>Filiation<\/strong><\/span><\/p>\n<p><span style=\"color: #ebebeb;\"><strong>P\u00e8re - M\u00e8re<\/strong><\/span><\/p>\n<\/td>\n<td width=\"129\">\n<p><span style=\"color: #ebebeb;\"><strong>\u00a0<\/strong><\/span><\/p>\n<p><span style=\"color: #ebebeb;\"><strong>C.I.N.<\/strong><\/span><\/p>\n<p><span style=\"color: #ebebeb;\"><strong>N\u00b0, date et lieu de d\u00e9livrance<\/strong><\/span><\/p>\n<\/td>\n<td width=\"129\">\n<p><span style=\"color: #ebebeb;\"><strong>\u00a0<\/strong><\/span><\/p>\n<p><span style=\"color: #ebebeb;\"><strong>Fonction<\/strong><\/span><\/p>\n<\/td>\n<td width=\"132\">\n<p><span style=\"color: #ebebeb;\"><strong>\u00a0<\/strong><\/span><\/p>\n<p><span style=\"color: #ebebeb;\"><strong>Profession<\/strong><\/span><\/p>\n<p><span style=\"color: #ebebeb;\"><strong>Adresse<\/strong><\/span><\/p>\n<\/td>\n<td width=\"127\">\n<p><span style=\"color: #ebebeb;\"><strong>\u00a0<\/strong><\/span><\/p>\n<p><span style=\"color: #ebebeb;\"><strong>Emargement<\/strong><\/span><\/p>\n<\/td>\n<\/tr>\n<tr>\n<td width=\"43\">\n<p><strong>\u00a0<\/strong><\/p>\n<p><strong>\u00a0<\/strong><\/p>\n<p><strong>12<\/strong><\/p>\n<\/td>\n<td width=\"215\">\n<p>\u00a0<\/p>\n<p>NDROVA Marie Claire<\/p>\n<p>\u00a0<\/p>\n<\/td>\n<td width=\"129\">\n<p>\u00a0<\/p>\n<p>Vers 1939<\/p>\n<p>Ambodimanary<\/p>\n<p>Antsohihy<\/p>\n<p>\u00a0<\/p>\n<\/td>\n<td width=\"129\">\n<p>\u00a0<\/p>\n<p>IASA Cyrille et Mariazy<\/p>\n<p>\u00a0<\/p>\n<\/td>\n<td width=\"129\">\n<p>\u00a0<\/p>\n<p>412\u00a0502\u00a0001\u00a0423<\/p>\n<p>du 25 \/ 04 \/ 1966<\/p>\n<p>Befandriana-Nord<\/p>\n<p>\u00a0<\/p>\n<\/td>\n<td width=\"129\">\n<p><strong>\u00a0<\/strong><\/p>\n<p><strong>Conseill\u00e8re<\/strong><\/p>\n<\/td>\n<td width=\"132\">\n<p>\u00a0<\/p>\n<p>M\u00e9nag\u00e8re<\/p>\n<p>Lot 140 M<\/p>\n<p>Manongarivo<\/p>\n<p>Befandriana-Nord<\/p>\n<\/td>\n<td width=\"127\">\n<p>\u00a0<\/p>\n<\/td>\n<\/tr>\n<tr>\n<td width=\"43\">\n<p><strong>\u00a0<\/strong><\/p>\n<p><strong>13<\/strong><\/p>\n<\/td>\n<td width=\"215\">\n<p>\u00a0<\/p>\n<p>RAVOLAMAHAY Victorine<\/p>\n<\/td>\n<td width=\"129\">\n<p>\u00a0<\/p>\n<p>24 \/ 06 \/ 1962<\/p>\n<p>Antsohihy<\/p>\n<\/td>\n<td width=\"129\">\n<p>\u00a0<\/p>\n<p>Fiankinana et Miarantsoa<\/p>\n<\/td>\n<td width=\"129\">\n<p>\u00a0<\/p>\n<p>412\u00a0012\u00a0005\u00a0255<\/p>\n<p>Befandriana-Nord<\/p>\n<\/td>\n<td width=\"129\">\n<p><strong>\u00a0<\/strong><\/p>\n<p><strong>Conseill\u00e8re<\/strong><\/p>\n<\/td>\n<td width=\"132\">\n<p>\u00a0<\/p>\n<p>Institutrice Ecole Priv\u00e9e FJKM<\/p>\n<p>Befandriana-Nord<\/p>\n<\/td>\n<td width=\"127\">\n<p>\u00a0<\/p>\n<\/td>\n<\/tr>\n<tr>\n<td width=\"43\">\n<p><strong>\u00a0<\/strong><\/p>\n<p><strong>14<\/strong><\/p>\n<\/td>\n<td width=\"215\">\n<p>\u00a0<\/p>\n<p>RAMAHEVITRA<\/p>\n<\/td>\n<td width=\"129\">\n<p>\u00a0<\/p>\n<p>23 \/ 04 \/ 1942<\/p>\n<p>Befandriana-Nord<\/p>\n<\/td>\n<td width=\"129\">\n<p>\u00a0<\/p>\n<p>Rajaonarison et Bezandry<\/p>\n<p>\u00a0<\/p>\n<\/td>\n<td width=\"129\">\n<p>\u00a0<\/p>\n<p>420\u00a0381\u00a0000\u00a0342<\/p>\n<p>du 14 \/ 08 \/ 1964<\/p>\n<p>Antsalova<\/p>\n<\/td>\n<td width=\"129\">\n<p><strong>\u00a0<\/strong><\/p>\n<p><strong>Conseiller<\/strong><\/p>\n<\/td>\n<td width=\"132\">\n<p>\u00a0<\/p>\n<p>Instituteur Retrait\u00e9<\/p>\n<p>Lot 130 MA<\/p>\n<p>Manongarivo<\/p>\n<p>Befandriana-Nord<\/p>\n<\/td>\n<td width=\"127\">\n<p>\u00a0<\/p>\n<\/td>\n<\/tr>\n<tr>\n<td width=\"43\">\n<p><strong>\u00a0<\/strong><\/p>\n<p><strong>\u00a0<\/strong><\/p>\n<p><strong>15<\/strong><\/p>\n<\/td>\n<td width=\"215\">\n<p>\u00a0<\/p>\n<p>\u00a0<\/p>\n<p>FELISTE Rosette<\/p>\n<\/td>\n<td width=\"129\">\n<p>\u00a0<\/p>\n<p>\u00a0<\/p>\n<p>05\/04\/43<\/p>\n<p>Ambodimanary<\/p>\n<p>Antsohihy<\/p>\n<\/td>\n<td width=\"129\">\n<p>\u00a0<\/p>\n<p>\u00a0<\/p>\n<p>Iasa Cyrille et<\/p>\n<p>Mariazy<\/p>\n<\/td>\n<td width=\"129\">\n<p>\u00a0<\/p>\n<p>\u00a0<\/p>\n<p>000.813.402.292<\/p>\n<p>du 29\/08\/2000 \u00e0<\/p>\n<p>Istres - France<\/p>\n<\/td>\n<td width=\"129\">\n<p><strong>\u00a0<\/strong><\/p>\n<p><strong>\u00a0<\/strong><\/p>\n<p><strong>Pr\u00e9sident<\/strong><\/p>\n<p><strong>d\u2019Honneur<\/strong><\/p>\n<\/td>\n<td width=\"132\">\n<p>\u00a0<\/p>\n<p>Enseignante<\/p>\n<p>3, rue des Alpes<\/p>\n<p>13180 Gignac-La-Nerthe (France)<\/p>\n<p>\u00a0<\/p>\n<\/td>\n<td width=\"127\">\n<p>\u00a0<\/p>\n<\/td>\n<\/tr>\n<\/tbody>\n<\/table>\n<p style=\"text-align: center;\"><strong>\u00a0<\/strong><\/p>\n<table class=\"aligncenter\">\n<tbody>\n<tr>\n<td colspan=\"2\" width=\"1034\">\n<p>\u00a0<\/p>\n<p>Fait \u00e0 Befandriana \u2013 Nord, le 27 octobre 2006<\/p>\n<\/td>\n<\/tr>\n<tr>\n<td width=\"517\">\n<p>\u00a0<\/p>\n<p>Le Secr\u00e9taire G\u00e9n\u00e9ral<\/p>\n<p>\u00a0<\/p>\n<p>RALAHY Vincent<\/p>\n<\/td>\n<td width=\"517\">\n<p>\u00a0<\/p>\n<p>Le Pr\u00e9siden<\/p>\n<p>TOMBOZOKY Rasolofo Jean De Dieu<\/p>\n<\/td>\n<\/tr>\n<\/tbody>\n<\/table>\n<p style=\"text-align: center;\">\u00a0<\/p>\n<\/div>\n<\/div><\/div><\/div><div id=\"panel-804-0-0-1\" class=\"so-panel widget widget_sow-button panel-last-child\" data-index=\"1\" ><div\n\t\t\t\n\t\t\tclass=\"so-widget-sow-button so-widget-sow-button-atom-84853a88472b-804\"\n\t\t\t\n\t\t><div class=\"ow-button-base ow-button-align-center\">\n\t<a\n\thref=\"http:\/\/escm-ccic.org\/wp-content\/uploads\/DOCS\/ETAT_NOMINATIF_DES_MEMBRES_DU_BUREAU_2006.doc\"\n\t\tclass=\"ow-icon-placement-left ow-button-hover\" target=\"_blank\" rel=\"noopener noreferrer\" \t>\n\t\t<span>\n\t\t\t<span class=\"sow-icon-fontawesome sow-fas\" data-sow-icon=\"&#xf063;\"\n\t\tstyle=\"color: #dd9933\" \n\t\taria-hidden=\"true\"><\/span>\n\t\t\tT\u00e9l\u00e9chargez l'\u00e9tat nominatif des membres du bureau du CCIC (doc)\t\t<\/span>\n\t<\/a>\n<\/div>\n<\/div><\/div><\/div><\/div><\/div><\/div>","protected":false},"excerpt":{"rendered":"<p>ETAT NOMINATIF DES MEMBRES DU BUREAU du CCIC\u00a0\u00a0N\u00b0\u00a0NOM ET PRENOM\u00a0Date et lieu de naissance\u00a0FiliationP\u00e8re &#8211; M\u00e8re\u00a0C.I.N.N\u00b0, date et lieu de d\u00e9livrance \u00a0Fonction\u00a0ProfessionAdresse\u00a0Emargement\u00a0\u00a001\u00a0\u00a0TOMBOZOKY RasolofoJean De Dieu\u00a0\u00a004 \/ 02 \/ 1974Antsohihy\u00a0\u00a0\u00a0Tombozoky et Martine\u00a0413\u00a0011\u00a0005 834du 08 \/ 09 \/ 1994Antsohihy\u00a0\u00a0Pr\u00e9sident\u00a0Op\u00e9rateur EconomiqueManongarivoBefandriana-Nord\u00a0\u00a0\u00a002\u00a0\u00a0NERIMA\u00a0vers 1958AndrimbavontsonaPort-Berg\u00e9.\u00a0\u00a0\u00a0Ibrahim et Antoeny\u00a0410\u00a0301\u00a0011\u00a0570du 24 \/ 03 \/ 1978Mandritsara\u00a0\u00a0Vice-Pr\u00e9sident\u00a0\u00a0InstituteurLot 180 M ManongarivoBefandriana-Nord\u00a0\u00a0\u00a003\u00a0\u00a0RALAHY Vincent\u00a024 \/ 09 \/ 1949AntsakabaryBefandriana-Nord\u00a0\u00a0\u00a0Ramavo et [&hellip;]<\/p>\n","protected":false},"author":1,"featured_media":0,"parent":348,"menu_order":0,"comment_status":"closed","ping_status":"closed","template":"page-templates\/page_front-page.php","meta":{"ngg_post_thumbnail":0,"footnotes":""},"_links":{"self":[{"href":"https:\/\/escm-ccic.org\/index.php\/wp-json\/wp\/v2\/pages\/804"}],"collection":[{"href":"https:\/\/escm-ccic.org\/index.php\/wp-json\/wp\/v2\/pages"}],"about":[{"href":"https:\/\/escm-ccic.org\/index.php\/wp-json\/wp\/v2\/types\/page"}],"author":[{"embeddable":true,"href":"https:\/\/escm-ccic.org\/index.php\/wp-json\/wp\/v2\/users\/1"}],"replies":[{"embeddable":true,"href":"https:\/\/escm-ccic.org\/index.php\/wp-json\/wp\/v2\/comments?post=804"}],"version-history":[{"count":6,"href":"https:\/\/escm-ccic.org\/index.php\/wp-json\/wp\/v2\/pages\/804\/revisions"}],"predecessor-version":[{"id":811,"href":"https:\/\/escm-ccic.org\/index.php\/wp-json\/wp\/v2\/pages\/804\/revisions\/811"}],"up":[{"embeddable":true,"href":"https:\/\/escm-ccic.org\/index.php\/wp-json\/wp\/v2\/pages\/348"}],"wp:attachment":[{"href":"https:\/\/escm-ccic.org\/index.php\/wp-json\/wp\/v2\/media?parent=804"}],"curies":[{"name":"wp","href":"https:\/\/api.w.org\/{rel}","templated":true}]}}