{"id":370,"date":"2016-05-14T16:30:14","date_gmt":"2016-05-14T18:30:14","guid":{"rendered":"http:\/\/vps272717.ovh.net\/?page_id=370"},"modified":"2016-06-01T23:34:00","modified_gmt":"2016-06-01T21:34:00","slug":"ccic-activites","status":"publish","type":"page","link":"https:\/\/escm-ccic.org\/index.php\/ccic-7\/ccic-activites\/","title":{"rendered":"ACTIVITES"},"content":{"rendered":"<div id=\"pl-370\"  class=\"panel-layout\" ><div id=\"pg-370-0\"  class=\"panel-grid panel-has-style\" ><div style=\"padding: 100px 0; \" class=\"panel-row-style panel-row-style-for-370-0\" ><div id=\"pgc-370-0-0\"  class=\"panel-grid-cell\" ><div id=\"panel-370-0-0-0\" class=\"so-panel widget widget_sow-editor panel-first-child\" data-index=\"0\" ><div class=\"panel-widget-style panel-widget-style-for-370-0-0-0\" ><div\n\t\t\t\n\t\t\tclass=\"so-widget-sow-editor so-widget-sow-editor-base\"\n\t\t\t\n\t\t><h3 class=\"widget-title\">Activit\u00e9s du CCIC<\/h3>\n<div class=\"siteorigin-widget-tinymce textwidget\">\n\t<p><strong>1-Cours de fran\u00e7ais<\/strong><\/p>\n<p>Depuis sa cr\u00e9ation en 2004, tous les soirs, apr\u00e8s la sortie des \u00e9l\u00e8ves de l'\u00e9cole, le centre donne des cours de fran\u00e7ais.<\/p>\n<p>- 2004 - 2006 : cours de fran\u00e7ais dispens\u00e9es aux \u00e9l\u00e8ves de la classe de CP aux classes Terminales. Les \u00e9l\u00e8ves sont r\u00e9partis en 3 grands groupes ; primaire, coll\u00e8ge, lyc\u00e9e encadr\u00e9s par quatre enseignants recrut\u00e9s parmi les professeurs de fran\u00e7ais de la ville. Les cours ont lieu le soir, apr\u00e8s l\u2019\u00e9cole.<\/p>\n<p>- A partir de 2007, extension des cours aux adultes.<\/p>\n<p>En effet en 2007, le centre a re\u00e7u les visites de deux professeurs de fran\u00e7ais venus de France sp\u00e9cialis\u00e9s en FLE (Fran\u00e7ais Langue Etrang\u00e8re), Mme Danielle LESCS et Mme B\u00e9atrice BIARD. Ces visites qui ont dur\u00e9 15 jours pour Mme Lescs et 4 jours pour Mme Biard, ont \u00e9t\u00e9 tr\u00e8s b\u00e9n\u00e9fiques pour le Centre ; elles ont r\u00e9volutionn\u00e9 la m\u00e9thode de l'enseignement du fran\u00e7ais au CCIC.<\/p>\n<p>Le Centre a ainsi profit\u00e9 de la pr\u00e9sence de Mme LESCS pour ouvrir la section adulte regroupant des enseignants et des ch\u00f4meurs d\u00e9sireux d'am\u00e9liorer leurs connaissances de la langue fran\u00e7aise.<\/p>\n<p><strong>\u009f 2-Manifestations Culturelles<\/strong><\/p>\n<p>En juin 2009, l'Alliance Fran\u00e7aise d'Antananarivo, \u00e0 la demande du CCIC, organise \u00e0 Befandriana-Nord un s\u00e9minaire pour former les enseignants du CCIC ainsi que tous les professeurs de fran\u00e7ais du district de Befandriana-Nord (25 personnes ont particip\u00e9 \u00e0 ce s\u00e9minaire) .<\/p>\n<p>En juillet 2009, les enseignants du CCIC organisent une animation culturelle afin de mettre en pratique leurs nouvelles connaissances.<\/p>\n<p>Jusqu'en 2010, toutes les activit\u00e9s du Centre se d\u00e9roulaient dans la maison familiale IASA Cyrille.<\/p>\n<p>\u009f2010 - Inauguration du nouveau b\u00e2timent. Ouverture de la section pr\u00e9scolaire afin d'initier les enfants \u00e0 la pratique de la langue fran\u00e7aise d\u00e8s leur plus jeune \u00e2ge.<\/p>\n<p><strong>\u009f3-Mise en place des Activit\u00e9s G\u00e9n\u00e9ratrices de Revenus, AGR<\/strong> (ateliers cuisine et couture)<\/p>\n<p>\u009f Depuis 2012, <strong>pr\u00e9paration et pr\u00e9sentation<\/strong> des candidats aux \u00e9preuves de <strong>DELF<\/strong> (Dipl\u00f4me d'Etude en Langue Fran\u00e7aise), dipl\u00f4me d\u00e9livr\u00e9 par le minist\u00e8re de l'Education Nationale de France. Ce dipl\u00f4me permet de valider la connaissance des \u00e9l\u00e8ves en fran\u00e7ais sur le plan international.<\/p>\n<p>A Madagascar, le DELF est n\u00e9cessaire pour valider les dipl\u00f4mes d\u00e9livr\u00e9s par l\u2019\u00e9cole de tourisme et la facult\u00e9 de droit.<\/p>\n<p>Il permet aussi d\u2019obtenir le visa pour ceux qui veulent poursuivre leurs \u00e9tudes en France.<\/p>\n<p>\u009f<strong>4-Sensibilisation des \u00e9coles<\/strong> : le CCIC conscientise aussi les \u00e9l\u00e8ves de la ville sur la bonne ma\u00eetrise de la langue fran\u00e7aise, gage de leur r\u00e9ussite dans leurs \u00e9tudes et de leur avenir.<\/p>\n<p>\u009f<strong>5-Organisation des kermesses<\/strong> par des b\u00e9n\u00e9voles pour assurer le fonctionnement du Centre.<\/p>\n<p><strong>\u009f6-Distribution de manuels scolaires<\/strong> venant de France aux \u00e9tablissements scolaires publics de la r\u00e9gion afin d\u2019am\u00e9liorer la qualit\u00e9 des cours dispens\u00e9s dans les \u00e9coles de campagnes.<\/p>\n<p><strong>7-Mise \u00e0 disposition des salles<\/strong> aux associations pour diverses formations : sant\u00e9, artisanat.<\/p>\n<p>En effet, \u00e0 Befandriana-Nord, les structures manquent pour accueillir les associations qui veulent bien aider les paysans par des formations.<\/p>\n<\/div>\n<\/div><\/div><\/div><div id=\"panel-370-0-0-1\" class=\"so-panel widget widget_sow-image\" data-index=\"1\" ><div\n\t\t\t\n\t\t\tclass=\"so-widget-sow-image so-widget-sow-image-default-a258e6bfa2d8-370\"\n\t\t\t\n\t\t>\n\n<div class=\"sow-image-container\">\n\t\t<img loading=\"lazy\" decoding=\"async\" src=\"https:\/\/escm-ccic.org\/wp-content\/uploads\/2016\/05\/Campagne-de-sensiblisation.jpg\" width=\"2592\" height=\"1944\" srcset=\"https:\/\/escm-ccic.org\/wp-content\/uploads\/2016\/05\/Campagne-de-sensiblisation.jpg 2592w, https:\/\/escm-ccic.org\/wp-content\/uploads\/2016\/05\/Campagne-de-sensiblisation-300x225.jpg 300w, https:\/\/escm-ccic.org\/wp-content\/uploads\/2016\/05\/Campagne-de-sensiblisation-768x576.jpg 768w, https:\/\/escm-ccic.org\/wp-content\/uploads\/2016\/05\/Campagne-de-sensiblisation-1024x768.jpg 1024w, https:\/\/escm-ccic.org\/wp-content\/uploads\/2016\/05\/Campagne-de-sensiblisation-480x360.jpg 480w, https:\/\/escm-ccic.org\/wp-content\/uploads\/2016\/05\/Campagne-de-sensiblisation-830x623.jpg 830w, https:\/\/escm-ccic.org\/wp-content\/uploads\/2016\/05\/Campagne-de-sensiblisation-230x173.jpg 230w, https:\/\/escm-ccic.org\/wp-content\/uploads\/2016\/05\/Campagne-de-sensiblisation-350x263.jpg 350w\" sizes=\"(max-width: 2592px) 100vw, 2592px\" title=\"Campagne de sensiblisation\" alt=\"\" \t\tclass=\"so-widget-image\"\/>\n\t<\/div>\n\n<\/div><\/div><div id=\"panel-370-0-0-2\" class=\"so-panel widget widget_sow-editor\" data-index=\"2\" ><div\n\t\t\t\n\t\t\tclass=\"so-widget-sow-editor so-widget-sow-editor-base\"\n\t\t\t\n\t\t>\n<div class=\"siteorigin-widget-tinymce textwidget\">\n\t<p style=\"text-align: center;\"><span style=\"color: #ff6600;\">Campagne de sensibilisation<\/span><\/p>\n<\/div>\n<\/div><\/div><div id=\"panel-370-0-0-3\" class=\"so-panel widget widget_sow-image\" data-index=\"3\" ><div\n\t\t\t\n\t\t\tclass=\"so-widget-sow-image so-widget-sow-image-default-a258e6bfa2d8-370\"\n\t\t\t\n\t\t>\n\n<div class=\"sow-image-container\">\n\t\t<img loading=\"lazy\" decoding=\"async\" src=\"https:\/\/escm-ccic.org\/wp-content\/uploads\/2016\/05\/Mise-\u00e0-disposition-des-salles-aux-associations.jpg\" width=\"2592\" height=\"1944\" srcset=\"https:\/\/escm-ccic.org\/wp-content\/uploads\/2016\/05\/Mise-\u00e0-disposition-des-salles-aux-associations.jpg 2592w, https:\/\/escm-ccic.org\/wp-content\/uploads\/2016\/05\/Mise-\u00e0-disposition-des-salles-aux-associations-300x225.jpg 300w, https:\/\/escm-ccic.org\/wp-content\/uploads\/2016\/05\/Mise-\u00e0-disposition-des-salles-aux-associations-768x576.jpg 768w, https:\/\/escm-ccic.org\/wp-content\/uploads\/2016\/05\/Mise-\u00e0-disposition-des-salles-aux-associations-1024x768.jpg 1024w, https:\/\/escm-ccic.org\/wp-content\/uploads\/2016\/05\/Mise-\u00e0-disposition-des-salles-aux-associations-480x360.jpg 480w, https:\/\/escm-ccic.org\/wp-content\/uploads\/2016\/05\/Mise-\u00e0-disposition-des-salles-aux-associations-830x623.jpg 830w, https:\/\/escm-ccic.org\/wp-content\/uploads\/2016\/05\/Mise-\u00e0-disposition-des-salles-aux-associations-230x173.jpg 230w, https:\/\/escm-ccic.org\/wp-content\/uploads\/2016\/05\/Mise-\u00e0-disposition-des-salles-aux-associations-350x263.jpg 350w\" sizes=\"(max-width: 2592px) 100vw, 2592px\" title=\"Mise \u00e0 disposition des salles aux associations\" alt=\"\" \t\tclass=\"so-widget-image\"\/>\n\t<\/div>\n\n<\/div><\/div><div id=\"panel-370-0-0-4\" class=\"so-panel widget widget_sow-editor panel-last-child\" data-index=\"4\" ><div\n\t\t\t\n\t\t\tclass=\"so-widget-sow-editor so-widget-sow-editor-base\"\n\t\t\t\n\t\t>\n<div class=\"siteorigin-widget-tinymce textwidget\">\n\t<p style=\"text-align: center;\"><span style=\"color: #ff6600;\">Mise \u00e0 disposition des salles aux associations<\/span><\/p>\n<\/div>\n<\/div><\/div><\/div><div id=\"pgc-370-0-1\"  class=\"panel-grid-cell\" ><div id=\"panel-370-0-1-0\" class=\"so-panel widget widget_sow-image panel-first-child\" data-index=\"5\" ><div class=\"panel-widget-style panel-widget-style-for-370-0-1-0\" ><div\n\t\t\t\n\t\t\tclass=\"so-widget-sow-image so-widget-sow-image-default-a258e6bfa2d8-370\"\n\t\t\t\n\t\t>\n\n<div class=\"sow-image-container\">\n\t\t<img loading=\"lazy\" decoding=\"async\" src=\"https:\/\/escm-ccic.org\/wp-content\/uploads\/2016\/05\/Cours-de-fran\u00e7ais-avec-une-sp\u00e9cialiste-de-FLE.jpg\" width=\"2560\" height=\"1920\" srcset=\"https:\/\/escm-ccic.org\/wp-content\/uploads\/2016\/05\/Cours-de-fran\u00e7ais-avec-une-sp\u00e9cialiste-de-FLE.jpg 2560w, https:\/\/escm-ccic.org\/wp-content\/uploads\/2016\/05\/Cours-de-fran\u00e7ais-avec-une-sp\u00e9cialiste-de-FLE-300x225.jpg 300w, https:\/\/escm-ccic.org\/wp-content\/uploads\/2016\/05\/Cours-de-fran\u00e7ais-avec-une-sp\u00e9cialiste-de-FLE-768x576.jpg 768w, https:\/\/escm-ccic.org\/wp-content\/uploads\/2016\/05\/Cours-de-fran\u00e7ais-avec-une-sp\u00e9cialiste-de-FLE-1024x768.jpg 1024w, https:\/\/escm-ccic.org\/wp-content\/uploads\/2016\/05\/Cours-de-fran\u00e7ais-avec-une-sp\u00e9cialiste-de-FLE-480x360.jpg 480w, https:\/\/escm-ccic.org\/wp-content\/uploads\/2016\/05\/Cours-de-fran\u00e7ais-avec-une-sp\u00e9cialiste-de-FLE-830x623.jpg 830w, https:\/\/escm-ccic.org\/wp-content\/uploads\/2016\/05\/Cours-de-fran\u00e7ais-avec-une-sp\u00e9cialiste-de-FLE-230x173.jpg 230w, https:\/\/escm-ccic.org\/wp-content\/uploads\/2016\/05\/Cours-de-fran\u00e7ais-avec-une-sp\u00e9cialiste-de-FLE-350x263.jpg 350w\" sizes=\"(max-width: 2560px) 100vw, 2560px\" title=\"Cours de fran\u00e7ais avec une sp\u00e9cialiste de FLE\" alt=\"\" \t\tclass=\"so-widget-image\"\/>\n\t<\/div>\n\n<\/div><\/div><\/div><div id=\"panel-370-0-1-1\" class=\"so-panel widget widget_sow-editor\" data-index=\"6\" ><div\n\t\t\t\n\t\t\tclass=\"so-widget-sow-editor so-widget-sow-editor-base\"\n\t\t\t\n\t\t>\n<div class=\"siteorigin-widget-tinymce textwidget\">\n\t<p style=\"text-align: center;\"><span style=\"color: #ff6600;\">Cours de fran\u00e7ais avec une sp\u00e9cialiste de FLE <\/span><\/p>\n<p style=\"text-align: center;\"><span style=\"color: #ff6600;\">venant expr\u00e8s de France pour le CCIC<\/span><\/p>\n<\/div>\n<\/div><\/div><div id=\"panel-370-0-1-2\" class=\"so-panel widget widget_sow-image\" data-index=\"7\" ><div class=\"panel-widget-style panel-widget-style-for-370-0-1-2\" ><div\n\t\t\t\n\t\t\tclass=\"so-widget-sow-image so-widget-sow-image-default-c67d20f9f743-370\"\n\t\t\t\n\t\t>\n\n<div class=\"sow-image-container\">\n\t\t<img loading=\"lazy\" decoding=\"async\" src=\"https:\/\/escm-ccic.org\/wp-content\/uploads\/2016\/05\/DSCN2964.jpg\" width=\"2592\" height=\"1944\" srcset=\"https:\/\/escm-ccic.org\/wp-content\/uploads\/2016\/05\/DSCN2964.jpg 2592w, https:\/\/escm-ccic.org\/wp-content\/uploads\/2016\/05\/DSCN2964-300x225.jpg 300w, https:\/\/escm-ccic.org\/wp-content\/uploads\/2016\/05\/DSCN2964-768x576.jpg 768w, https:\/\/escm-ccic.org\/wp-content\/uploads\/2016\/05\/DSCN2964-1024x768.jpg 1024w, https:\/\/escm-ccic.org\/wp-content\/uploads\/2016\/05\/DSCN2964-480x360.jpg 480w, https:\/\/escm-ccic.org\/wp-content\/uploads\/2016\/05\/DSCN2964-830x623.jpg 830w, https:\/\/escm-ccic.org\/wp-content\/uploads\/2016\/05\/DSCN2964-230x173.jpg 230w, https:\/\/escm-ccic.org\/wp-content\/uploads\/2016\/05\/DSCN2964-350x263.jpg 350w\" sizes=\"(max-width: 2592px) 100vw, 2592px\" alt=\"\" \t\tclass=\"so-widget-image\"\/>\n\t<\/div>\n\n<\/div><\/div><\/div><div id=\"panel-370-0-1-3\" class=\"so-panel widget widget_sow-image\" data-index=\"8\" ><div class=\"panel-widget-style panel-widget-style-for-370-0-1-3\" ><div\n\t\t\t\n\t\t\tclass=\"so-widget-sow-image so-widget-sow-image-default-4e6925654b7a-370\"\n\t\t\t\n\t\t>\n\n<div class=\"sow-image-container\">\n\t\t<img loading=\"lazy\" decoding=\"async\" src=\"https:\/\/escm-ccic.org\/wp-content\/uploads\/2016\/05\/DSCN2982.jpg\" width=\"2592\" height=\"1944\" srcset=\"https:\/\/escm-ccic.org\/wp-content\/uploads\/2016\/05\/DSCN2982.jpg 2592w, https:\/\/escm-ccic.org\/wp-content\/uploads\/2016\/05\/DSCN2982-300x225.jpg 300w, https:\/\/escm-ccic.org\/wp-content\/uploads\/2016\/05\/DSCN2982-768x576.jpg 768w, https:\/\/escm-ccic.org\/wp-content\/uploads\/2016\/05\/DSCN2982-1024x768.jpg 1024w, https:\/\/escm-ccic.org\/wp-content\/uploads\/2016\/05\/DSCN2982-480x360.jpg 480w, https:\/\/escm-ccic.org\/wp-content\/uploads\/2016\/05\/DSCN2982-830x623.jpg 830w, https:\/\/escm-ccic.org\/wp-content\/uploads\/2016\/05\/DSCN2982-230x173.jpg 230w, https:\/\/escm-ccic.org\/wp-content\/uploads\/2016\/05\/DSCN2982-350x263.jpg 350w\" sizes=\"(max-width: 2592px) 100vw, 2592px\" alt=\"\" \t\tclass=\"so-widget-image\"\/>\n\t<\/div>\n\n<\/div><\/div><\/div><div id=\"panel-370-0-1-4\" class=\"so-panel widget widget_sow-editor\" data-index=\"9\" ><div\n\t\t\t\n\t\t\tclass=\"so-widget-sow-editor so-widget-sow-editor-base\"\n\t\t\t\n\t\t>\n<div class=\"siteorigin-widget-tinymce textwidget\">\n\t<p style=\"text-align: center;\"><span style=\"color: #ff6600;\">Formation des professeurs de fran\u00e7ais du District de Befandriana-Nord par l\u2019Alliance Fran\u00e7aise \u00e0 la demande du CCIC<\/span><\/p>\n<\/div>\n<\/div><\/div><div id=\"panel-370-0-1-5\" class=\"so-panel widget widget_sow-image\" data-index=\"10\" ><div\n\t\t\t\n\t\t\tclass=\"so-widget-sow-image so-widget-sow-image-default-4e6925654b7a-370\"\n\t\t\t\n\t\t>\n\n<div class=\"sow-image-container\">\n\t\t<img loading=\"lazy\" decoding=\"async\" src=\"https:\/\/escm-ccic.org\/wp-content\/uploads\/2016\/05\/1_COUTURE-1.jpg\" width=\"2592\" height=\"1944\" srcset=\"https:\/\/escm-ccic.org\/wp-content\/uploads\/2016\/05\/1_COUTURE-1.jpg 2592w, https:\/\/escm-ccic.org\/wp-content\/uploads\/2016\/05\/1_COUTURE-1-300x225.jpg 300w, https:\/\/escm-ccic.org\/wp-content\/uploads\/2016\/05\/1_COUTURE-1-768x576.jpg 768w, https:\/\/escm-ccic.org\/wp-content\/uploads\/2016\/05\/1_COUTURE-1-1024x768.jpg 1024w, https:\/\/escm-ccic.org\/wp-content\/uploads\/2016\/05\/1_COUTURE-1-480x360.jpg 480w, https:\/\/escm-ccic.org\/wp-content\/uploads\/2016\/05\/1_COUTURE-1-830x623.jpg 830w, https:\/\/escm-ccic.org\/wp-content\/uploads\/2016\/05\/1_COUTURE-1-230x173.jpg 230w, https:\/\/escm-ccic.org\/wp-content\/uploads\/2016\/05\/1_COUTURE-1-350x263.jpg 350w\" sizes=\"(max-width: 2592px) 100vw, 2592px\" alt=\"\" \t\tclass=\"so-widget-image\"\/>\n\t<\/div>\n\n<\/div><\/div><div id=\"panel-370-0-1-6\" class=\"so-panel widget widget_sow-editor\" data-index=\"11\" ><div\n\t\t\t\n\t\t\tclass=\"so-widget-sow-editor so-widget-sow-editor-base\"\n\t\t\t\n\t\t>\n<div class=\"siteorigin-widget-tinymce textwidget\">\n\t<p style=\"text-align: center;\"><span style=\"color: #ff6600;\">Cours de couture<\/span><\/p>\n<\/div>\n<\/div><\/div><div id=\"panel-370-0-1-7\" class=\"so-panel widget widget_sow-image\" data-index=\"12\" ><div class=\"panel-widget-style panel-widget-style-for-370-0-1-7\" ><div\n\t\t\t\n\t\t\tclass=\"so-widget-sow-image so-widget-sow-image-default-4e6925654b7a-370\"\n\t\t\t\n\t\t>\n\n<div class=\"sow-image-container\">\n\t\t<img loading=\"lazy\" decoding=\"async\" src=\"https:\/\/escm-ccic.org\/wp-content\/uploads\/2016\/05\/Distribution-de-livres-1.jpg\" width=\"2592\" height=\"1944\" srcset=\"https:\/\/escm-ccic.org\/wp-content\/uploads\/2016\/05\/Distribution-de-livres-1.jpg 2592w, https:\/\/escm-ccic.org\/wp-content\/uploads\/2016\/05\/Distribution-de-livres-1-300x225.jpg 300w, https:\/\/escm-ccic.org\/wp-content\/uploads\/2016\/05\/Distribution-de-livres-1-768x576.jpg 768w, https:\/\/escm-ccic.org\/wp-content\/uploads\/2016\/05\/Distribution-de-livres-1-1024x768.jpg 1024w, https:\/\/escm-ccic.org\/wp-content\/uploads\/2016\/05\/Distribution-de-livres-1-480x360.jpg 480w, https:\/\/escm-ccic.org\/wp-content\/uploads\/2016\/05\/Distribution-de-livres-1-830x623.jpg 830w, https:\/\/escm-ccic.org\/wp-content\/uploads\/2016\/05\/Distribution-de-livres-1-230x173.jpg 230w, https:\/\/escm-ccic.org\/wp-content\/uploads\/2016\/05\/Distribution-de-livres-1-350x263.jpg 350w\" sizes=\"(max-width: 2592px) 100vw, 2592px\" title=\"Distribution de livres 1\" alt=\"\" \t\tclass=\"so-widget-image\"\/>\n\t<\/div>\n\n<\/div><\/div><\/div><div id=\"panel-370-0-1-8\" class=\"so-panel widget widget_sow-image\" data-index=\"13\" ><div class=\"panel-widget-style panel-widget-style-for-370-0-1-8\" ><div\n\t\t\t\n\t\t\tclass=\"so-widget-sow-image so-widget-sow-image-default-4e6925654b7a-370\"\n\t\t\t\n\t\t>\n\n<div class=\"sow-image-container\">\n\t\t<img loading=\"lazy\" decoding=\"async\" src=\"https:\/\/escm-ccic.org\/wp-content\/uploads\/2016\/05\/Distribution-de-livres-2.jpg\" width=\"2592\" height=\"1944\" srcset=\"https:\/\/escm-ccic.org\/wp-content\/uploads\/2016\/05\/Distribution-de-livres-2.jpg 2592w, https:\/\/escm-ccic.org\/wp-content\/uploads\/2016\/05\/Distribution-de-livres-2-300x225.jpg 300w, https:\/\/escm-ccic.org\/wp-content\/uploads\/2016\/05\/Distribution-de-livres-2-768x576.jpg 768w, https:\/\/escm-ccic.org\/wp-content\/uploads\/2016\/05\/Distribution-de-livres-2-1024x768.jpg 1024w, https:\/\/escm-ccic.org\/wp-content\/uploads\/2016\/05\/Distribution-de-livres-2-480x360.jpg 480w, https:\/\/escm-ccic.org\/wp-content\/uploads\/2016\/05\/Distribution-de-livres-2-830x623.jpg 830w, https:\/\/escm-ccic.org\/wp-content\/uploads\/2016\/05\/Distribution-de-livres-2-230x173.jpg 230w, https:\/\/escm-ccic.org\/wp-content\/uploads\/2016\/05\/Distribution-de-livres-2-350x263.jpg 350w\" sizes=\"(max-width: 2592px) 100vw, 2592px\" title=\"Distribution de livres 2\" alt=\"\" \t\tclass=\"so-widget-image\"\/>\n\t<\/div>\n\n<\/div><\/div><\/div><div id=\"panel-370-0-1-9\" class=\"so-panel widget widget_sow-editor panel-last-child\" data-index=\"14\" ><div\n\t\t\t\n\t\t\tclass=\"so-widget-sow-editor so-widget-sow-editor-base\"\n\t\t\t\n\t\t>\n<div class=\"siteorigin-widget-tinymce textwidget\">\n\t<p style=\"text-align: center;\"><span style=\"color: #ff6600;\">Distribution de livres<\/span><\/p>\n<\/div>\n<\/div><\/div><\/div><\/div><\/div><\/div>","protected":false},"excerpt":{"rendered":"<p>1-Cours de fran\u00e7aisDepuis sa cr\u00e9ation en 2004, tous les soirs, apr\u00e8s la sortie des \u00e9l\u00e8ves de l&rsquo;\u00e9cole, le centre donne des cours de fran\u00e7ais.- 2004 &#8211; 2006 : cours de fran\u00e7ais dispens\u00e9es aux \u00e9l\u00e8ves de la classe de CP aux classes Terminales. Les \u00e9l\u00e8ves sont r\u00e9partis en 3 grands groupes ; primaire, coll\u00e8ge, lyc\u00e9e encadr\u00e9s [&hellip;]<\/p>\n","protected":false},"author":1,"featured_media":0,"parent":348,"menu_order":0,"comment_status":"closed","ping_status":"closed","template":"page-templates\/page_front-page.php","meta":{"ngg_post_thumbnail":0,"footnotes":""},"_links":{"self":[{"href":"https:\/\/escm-ccic.org\/index.php\/wp-json\/wp\/v2\/pages\/370"}],"collection":[{"href":"https:\/\/escm-ccic.org\/index.php\/wp-json\/wp\/v2\/pages"}],"about":[{"href":"https:\/\/escm-ccic.org\/index.php\/wp-json\/wp\/v2\/types\/page"}],"author":[{"embeddable":true,"href":"https:\/\/escm-ccic.org\/index.php\/wp-json\/wp\/v2\/users\/1"}],"replies":[{"embeddable":true,"href":"https:\/\/escm-ccic.org\/index.php\/wp-json\/wp\/v2\/comments?post=370"}],"version-history":[{"count":27,"href":"https:\/\/escm-ccic.org\/index.php\/wp-json\/wp\/v2\/pages\/370\/revisions"}],"predecessor-version":[{"id":781,"href":"https:\/\/escm-ccic.org\/index.php\/wp-json\/wp\/v2\/pages\/370\/revisions\/781"}],"up":[{"embeddable":true,"href":"https:\/\/escm-ccic.org\/index.php\/wp-json\/wp\/v2\/pages\/348"}],"wp:attachment":[{"href":"https:\/\/escm-ccic.org\/index.php\/wp-json\/wp\/v2\/media?parent=370"}],"curies":[{"name":"wp","href":"https:\/\/api.w.org\/{rel}","templated":true}]}}